{"id":7772,"date":"2017-03-30T16:01:12","date_gmt":"2017-03-30T15:01:12","guid":{"rendered":"http:\/\/brosa.es\/droit-de-la-faillite\/"},"modified":"2017-04-05T12:57:37","modified_gmt":"2017-04-05T11:57:37","slug":"droit-de-la-faillite","status":"publish","type":"page","link":"https:\/\/brosa.es\/fr\/competences\/droit-de-la-faillite\/","title":{"rendered":"Droit de la faillite"},"content":{"rendered":"<p>[vc_row][vc_column][vc_column_text]<strong>Le D\u00e9partement de Droit\u00a0<\/strong>de la faillite offre une orientation juridique et des recommandations indispensables en cas de crises \u00e9conomiques, \u00e0 partir d&rsquo;une vue d&rsquo;ensemble d&rsquo;un versant de conseillers d&rsquo;entreprises, le Cabinet enrichie de fa\u00e7on continuelle la formation juridico-\u00e9conomique des ses experts.<br \/>\nNotre D\u00e9partement poss\u00e8de une exp\u00e9rience professionnelle dont les trentaines d&rsquo;ann\u00e9es de d\u00e9dicace proportionnent \u00e0 ce genre d&rsquo;affaires, bien comme nos avocats d&rsquo;entreprises en crise, ou comme les cr\u00e9anciers affect\u00e9s par le processus de la faillite. Pr\u00e9cis\u00e9ment, les comp\u00e9tences que nous attribuons sont les suivants :[\/vc_column_text][\/vc_column][\/vc_row][vc_row][vc_column width=\u00a0\u00bb1\/2&Prime;][vc_column_text]\n<h3>Restructurations des Entreprises en crises<\/h3>\n<p>Elaboration, r\u00e9daction et ex\u00e9cution des plans de viabilit\u00e9 qui permettraient de surmonter la crise sans recours devant la justice. Il est donc indispensable que les int\u00e9ress\u00e9s d\u00e9terminent les causes de la crise, fixent les moyens n\u00e9cessaires dans chaque secteur d&rsquo;entreprise et \u00e9laborent des projections futures sur chaque d\u00e9cision.[\/vc_column_text][vc_column_text]\n<h3>Recuperation de cr\u00e9dits<\/h3>\n<p>Si notre client est un cr\u00e9ancier affect\u00e9 par une cessation ou bien par une faillite, nous sommes en mesure de le conseiller durant tout le proc\u00e8s judiciaire, afin de garantir la reconnaissance de l&rsquo;int\u00e9grit\u00e9 de sa cr\u00e9ance, par l&rsquo;ex\u00e9cution des droits dont la loi reconna\u00eet aux cr\u00e9anciers, en procurant la r\u00e9cup\u00e9ration du maximum de son cr\u00e9dit.[\/vc_column_text][\/vc_column][vc_column width=\u00a0\u00bb1\/2&Prime;][vc_column_text]\n<h3>Cessation de payements<\/h3>\n<p>Estudio previo de los antecedentes econ\u00f3micos y jur\u00eddicos de la empresa, determinaci\u00f3n de la estrategia a seguir y an\u00e1lisis de los efectos del concurso, con especial atenci\u00f3n a la eventual respon\u00adsabilidad de los adminis\u00adtradores; preparaci\u00f3n y presentaci\u00f3n de toda la documentaci\u00f3n necesaria, incluido los estudios econ\u00f3micos o plan de viabilidad necesarios; segui\u00admiento del expediente judicial con asistencia permanente a la direcci\u00f3n de la empresa, y colaboraci\u00f3n con los \u00f3rganos del concurso, buscando el apoyo de los acreedores para aprobar el convenio.[\/vc_column_text][\/vc_column][\/vc_row]\n","protected":false},"excerpt":{"rendered":"<p>[vc_row][vc_column][vc_column_text]Le D\u00e9partement de Droit\u00a0de la faillite offre une orientation juridique et des recommandations indispensables en cas de crises \u00e9conomiques, \u00e0 partir d&rsquo;une vue d&rsquo;ensemble d&rsquo;un versant de conseillers d&rsquo;entreprises, le Cabinet enrichie de fa\u00e7on continuelle la formation juridico-\u00e9conomique des ses experts. Notre D\u00e9partement poss\u00e8de une exp\u00e9rience professionnelle dont les trentaines d&rsquo;ann\u00e9es de d\u00e9dicace proportionnent \u00e0&#8230;<\/p>\n","protected":false},"author":1,"featured_media":0,"parent":7885,"menu_order":0,"comment_status":"closed","ping_status":"closed","template":"","meta":[],"_links":{"self":[{"href":"https:\/\/brosa.es\/fr\/wp-json\/wp\/v2\/pages\/7772"}],"collection":[{"href":"https:\/\/brosa.es\/fr\/wp-json\/wp\/v2\/pages"}],"about":[{"href":"https:\/\/brosa.es\/fr\/wp-json\/wp\/v2\/types\/page"}],"author":[{"embeddable":true,"href":"https:\/\/brosa.es\/fr\/wp-json\/wp\/v2\/users\/1"}],"replies":[{"embeddable":true,"href":"https:\/\/brosa.es\/fr\/wp-json\/wp\/v2\/comments?post=7772"}],"version-history":[{"count":5,"href":"https:\/\/brosa.es\/fr\/wp-json\/wp\/v2\/pages\/7772\/revisions"}],"predecessor-version":[{"id":7984,"href":"https:\/\/brosa.es\/fr\/wp-json\/wp\/v2\/pages\/7772\/revisions\/7984"}],"up":[{"embeddable":true,"href":"https:\/\/brosa.es\/fr\/wp-json\/wp\/v2\/pages\/7885"}],"wp:attachment":[{"href":"https:\/\/brosa.es\/fr\/wp-json\/wp\/v2\/media?parent=7772"}],"curies":[{"name":"wp","href":"https:\/\/api.w.org\/{rel}","templated":true}]}}